{"id":771,"date":"2025-06-14T02:03:29","date_gmt":"2025-06-14T00:03:29","guid":{"rendered":"https:\/\/gesundheit-ki.net\/?page_id=771"},"modified":"2025-07-29T14:05:06","modified_gmt":"2025-07-29T12:05:06","slug":"aktivitaeten","status":"publish","type":"page","link":"https:\/\/gesundheit-ki.net\/index.php\/aktivitaeten\/","title":{"rendered":"Aktivit\u00e4ten"},"content":{"rendered":"\t\t<div data-elementor-type=\"wp-page\" data-elementor-id=\"771\" class=\"elementor elementor-771\" data-elementor-post-type=\"page\">\n\t\t\t\t<div class=\"elementor-element elementor-element-e739991 e-flex e-con-boxed e-con e-parent\" data-id=\"e739991\" data-element_type=\"container\" data-settings=\"{&quot;background_background&quot;:&quot;slideshow&quot;,&quot;shape_divider_top&quot;:&quot;waves&quot;,&quot;shape_divider_bottom&quot;:&quot;waves&quot;,&quot;background_slideshow_gallery&quot;:[{&quot;id&quot;:126,&quot;url&quot;:&quot;https:\\\/\\\/gesundheit-ki.net\\\/wp-content\\\/uploads\\\/2025\\\/04\\\/ZM-Netzwerk_gaf.svg&quot;}],&quot;background_slideshow_ken_burns&quot;:&quot;yes&quot;,&quot;background_slideshow_ken_burns_zoom_direction&quot;:&quot;out&quot;,&quot;background_slideshow_slide_duration&quot;:5000,&quot;background_slideshow_slide_transition&quot;:&quot;fade&quot;,&quot;background_slideshow_transition_duration&quot;:500}\">\n\t\t\t\t\t<div class=\"e-con-inner\">\n\t\t\t\t<div class=\"elementor-shape elementor-shape-top\" aria-hidden=\"true\" data-negative=\"false\">\n\t\t\t<svg xmlns=\"http:\/\/www.w3.org\/2000\/svg\" viewBox=\"0 0 1000 100\" preserveAspectRatio=\"none\">\n\t<path class=\"elementor-shape-fill\" d=\"M421.9,6.5c22.6-2.5,51.5,0.4,75.5,5.3c23.6,4.9,70.9,23.5,100.5,35.7c75.8,32.2,133.7,44.5,192.6,49.7\n\tc23.6,2.1,48.7,3.5,103.4-2.5c54.7-6,106.2-25.6,106.2-25.6V0H0v30.3c0,0,72,32.6,158.4,30.5c39.2-0.7,92.8-6.7,134-22.4\n\tc21.2-8.1,52.2-18.2,79.7-24.2C399.3,7.9,411.6,7.5,421.9,6.5z\"\/>\n<\/svg>\t\t<\/div>\n\t\t\t\t<div class=\"elementor-shape elementor-shape-bottom\" aria-hidden=\"true\" data-negative=\"false\">\n\t\t\t<svg xmlns=\"http:\/\/www.w3.org\/2000\/svg\" viewBox=\"0 0 1000 100\" preserveAspectRatio=\"none\">\n\t<path class=\"elementor-shape-fill\" d=\"M421.9,6.5c22.6-2.5,51.5,0.4,75.5,5.3c23.6,4.9,70.9,23.5,100.5,35.7c75.8,32.2,133.7,44.5,192.6,49.7\n\tc23.6,2.1,48.7,3.5,103.4-2.5c54.7-6,106.2-25.6,106.2-25.6V0H0v30.3c0,0,72,32.6,158.4,30.5c39.2-0.7,92.8-6.7,134-22.4\n\tc21.2-8.1,52.2-18.2,79.7-24.2C399.3,7.9,411.6,7.5,421.9,6.5z\"\/>\n<\/svg>\t\t<\/div>\n\t\t<div class=\"elementor-element elementor-element-a2f2713 e-con-full e-flex e-con e-child\" data-id=\"a2f2713\" data-element_type=\"container\">\n\t\t\t\t<div class=\"elementor-element elementor-element-f0b6ab6 elementor-invisible elementor-widget elementor-widget-heading\" data-id=\"f0b6ab6\" data-element_type=\"widget\" data-settings=\"{&quot;_animation&quot;:&quot;slideInUp&quot;}\" data-widget_type=\"heading.default\">\n\t\t\t\t<div class=\"elementor-widget-container\">\n\t\t\t\t\t<h1 class=\"elementor-heading-title elementor-size-default\">Fachgespr\u00e4che<\/h1>\t\t\t\t<\/div>\n\t\t\t\t<\/div>\n\t\t\t\t<div class=\"elementor-element elementor-element-f1572bc elementor-invisible elementor-widget elementor-widget-heading\" data-id=\"f1572bc\" data-element_type=\"widget\" data-settings=\"{&quot;_animation&quot;:&quot;slideInUp&quot;}\" data-widget_type=\"heading.default\">\n\t\t\t\t<div class=\"elementor-widget-container\">\n\t\t\t\t\t<h3 class=\"elementor-heading-title elementor-size-default\">Das Netzwerk organisiert eine interdisziplin\u00e4re Fachgespr\u00e4chsreihe zu Themen der telemedizinischen Versorgung, die einen starken Praxisbezug haben.<\/h3>\t\t\t\t<\/div>\n\t\t\t\t<\/div>\n\t\t\t\t<div class=\"elementor-element elementor-element-b0db666 elementor-widget-divider--view-line elementor-invisible elementor-widget elementor-widget-divider\" data-id=\"b0db666\" data-element_type=\"widget\" data-settings=\"{&quot;_animation&quot;:&quot;slideInUp&quot;}\" data-widget_type=\"divider.default\">\n\t\t\t\t<div class=\"elementor-widget-container\">\n\t\t\t\t\t\t\t<div class=\"elementor-divider\">\n\t\t\t<span class=\"elementor-divider-separator\">\n\t\t\t\t\t\t<\/span>\n\t\t<\/div>\n\t\t\t\t\t\t<\/div>\n\t\t\t\t<\/div>\n\t\t\t\t<div class=\"elementor-element elementor-element-40b4db5 elementor-invisible elementor-widget elementor-widget-text-editor\" data-id=\"40b4db5\" data-element_type=\"widget\" data-settings=\"{&quot;_animation&quot;:&quot;slideInUp&quot;,&quot;_animation_delay&quot;:900}\" data-widget_type=\"text-editor.default\">\n\t\t\t\t<div class=\"elementor-widget-container\">\n\t\t\t\t\t\t\t\t\t<p>Ziel der Fachgespr\u00e4che ist es, in einem kreativen Umfeld neue Ideen zu generieren und diese zu konkreten Projekt- und Handlungsans\u00e4tzen weiterzuentwickeln. Die Veranstaltungen bieten Handlungsans\u00e4tzen weiterzuentwickeln. Die Veranstaltungen bieten eine Plattform zur Vernetzung und zur Initiierung von Forschungs- und Entwicklungsprojekten. Durch den interdisziplin\u00e4ren Ansatz werden unterschiedliche Perspektiven von \u00c4rzten, Pflegern, Technikern und Informatikern diskutiert. Die 2-st\u00fcndigen, hybriden Veranstaltungen (Pr\u00e4senz\/online) beginnen mit Impulsvortr\u00e4gen, die das Thema einf\u00fchren und als Anregung f\u00fcr die diskursive Entwicklung gemeinsamer Projektans\u00e4tze dienen.<\/p>\t\t\t\t\t\t\t\t<\/div>\n\t\t\t\t<\/div>\n\t\t\t\t<\/div>\n\t\t<div class=\"elementor-element elementor-element-648e75f e-con-full e-flex e-con e-child\" data-id=\"648e75f\" data-element_type=\"container\">\n\t\t\t\t<div class=\"elementor-element elementor-element-c657f9f elementor-posts--thumbnail-none elementor-grid-tablet_extra-3 elementor-grid-3 elementor-grid-tablet-2 elementor-grid-mobile-1 elementor-card-shadow-yes elementor-posts__hover-gradient elementor-invisible elementor-widget elementor-widget-posts\" data-id=\"c657f9f\" data-element_type=\"widget\" data-settings=\"{&quot;_animation&quot;:&quot;slideInUp&quot;,&quot;_animation_delay&quot;:300,&quot;cards_columns_tablet_extra&quot;:&quot;3&quot;,&quot;cards_columns&quot;:&quot;3&quot;,&quot;cards_columns_tablet&quot;:&quot;2&quot;,&quot;cards_columns_mobile&quot;:&quot;1&quot;,&quot;cards_row_gap&quot;:{&quot;unit&quot;:&quot;px&quot;,&quot;size&quot;:35,&quot;sizes&quot;:[]},&quot;cards_row_gap_widescreen&quot;:{&quot;unit&quot;:&quot;px&quot;,&quot;size&quot;:&quot;&quot;,&quot;sizes&quot;:[]},&quot;cards_row_gap_laptop&quot;:{&quot;unit&quot;:&quot;px&quot;,&quot;size&quot;:&quot;&quot;,&quot;sizes&quot;:[]},&quot;cards_row_gap_tablet_extra&quot;:{&quot;unit&quot;:&quot;px&quot;,&quot;size&quot;:&quot;&quot;,&quot;sizes&quot;:[]},&quot;cards_row_gap_tablet&quot;:{&quot;unit&quot;:&quot;px&quot;,&quot;size&quot;:&quot;&quot;,&quot;sizes&quot;:[]},&quot;cards_row_gap_mobile&quot;:{&quot;unit&quot;:&quot;px&quot;,&quot;size&quot;:&quot;&quot;,&quot;sizes&quot;:[]}}\" data-widget_type=\"posts.cards\">\n\t\t\t\t<div class=\"elementor-widget-container\">\n\t\t\t\t\t\t\t<div class=\"elementor-posts-container elementor-posts elementor-posts--skin-cards elementor-grid\">\n\t\t\t\t<article class=\"elementor-post elementor-grid-item post-842 post type-post status-publish format-standard hentry category-fachgespraeche\">\n\t\t\t<div class=\"elementor-post__card\">\n\t\t\t\t<div class=\"elementor-post__text\">\n\t\t\t\t<h3 class=\"elementor-post__title\">\n\t\t\t<a href=\"https:\/\/gesundheit-ki.net\/index.php\/intelligente-pflege-ki-als-schluessel-zu-mehr-effizienz-und-qualitaet\/\" >\n\t\t\t\tIntelligente Pflege: KI als Schl\u00fcssel zu mehr Effizienz und Qualit\u00e4t\t\t\t<\/a>\n\t\t<\/h3>\n\t\t\t\t<div class=\"elementor-post__excerpt\">\n\t\t\t<p>Der Einsatz von K\u00fcnstlicher Intelligenz (KI) in der Pflege bietet Potenzial, sowohl die Versorgungsqualit\u00e4t als auch die Effizienz zu steigern.<\/p>\n\t\t<\/div>\n\t\t\n\t\t<a class=\"elementor-post__read-more\" href=\"https:\/\/gesundheit-ki.net\/index.php\/intelligente-pflege-ki-als-schluessel-zu-mehr-effizienz-und-qualitaet\/\" aria-label=\"Mehr \u00fcber Intelligente Pflege: KI als Schl\u00fcssel zu mehr Effizienz und Qualit\u00e4t\" tabindex=\"-1\" >\n\t\t\tWeiterlesen \u00bb\t\t<\/a>\n\n\t\t\t\t<\/div>\n\t\t\t\t<div class=\"elementor-post__meta-data\">\n\t\t\t\t\t<span class=\"elementor-post-date\">\n\t\t\t16. April 2025\t\t<\/span>\n\t\t\t\t<\/div>\n\t\t\t\t\t<\/div>\n\t\t<\/article>\n\t\t\t\t<article class=\"elementor-post elementor-grid-item post-824 post type-post status-publish format-standard hentry category-fachgespraeche\">\n\t\t\t<div class=\"elementor-post__card\">\n\t\t\t\t<div class=\"elementor-post__text\">\n\t\t\t\t<h3 class=\"elementor-post__title\">\n\t\t\t<a href=\"https:\/\/gesundheit-ki.net\/index.php\/einfache-und-effiziente-kommunikation-in-der-pflege-loesungen-fuer-den-intersektoralen-datenaustausch\/\" >\n\t\t\t\tEinfache und effiziente Kommunikation in der Pflege &#8211; L\u00f6sungen f\u00fcr den intersektoralen Datenaustausch\t\t\t<\/a>\n\t\t<\/h3>\n\t\t\t\t<div class=\"elementor-post__excerpt\">\n\t\t\t<p>Eine effiziente Kommunikation zwischen Pflegekr\u00e4ften, \u00c4rzten und weiteren Akteuren der medizinischen und pflegerischen Versorgung ist entscheidend f\u00fcr eine hohe Versorgungsqualit\u00e4t.<\/p>\n\t\t<\/div>\n\t\t\n\t\t<a class=\"elementor-post__read-more\" href=\"https:\/\/gesundheit-ki.net\/index.php\/einfache-und-effiziente-kommunikation-in-der-pflege-loesungen-fuer-den-intersektoralen-datenaustausch\/\" aria-label=\"Mehr \u00fcber Einfache und effiziente Kommunikation in der Pflege &#8211; L\u00f6sungen f\u00fcr den intersektoralen Datenaustausch\" tabindex=\"-1\" >\n\t\t\tWeiterlesen \u00bb\t\t<\/a>\n\n\t\t\t\t<\/div>\n\t\t\t\t<div class=\"elementor-post__meta-data\">\n\t\t\t\t\t<span class=\"elementor-post-date\">\n\t\t\t15. M\u00e4rz 2025\t\t<\/span>\n\t\t\t\t<\/div>\n\t\t\t\t\t<\/div>\n\t\t<\/article>\n\t\t\t\t<article class=\"elementor-post elementor-grid-item post-785 post type-post status-publish format-standard hentry category-fachgespraeche\">\n\t\t\t<div class=\"elementor-post__card\">\n\t\t\t\t<div class=\"elementor-post__text\">\n\t\t\t\t<h3 class=\"elementor-post__title\">\n\t\t\t<a href=\"https:\/\/gesundheit-ki.net\/index.php\/kuenstliche-vs-menschliche-intelligenz-in-der-gesundheitsversorgung-der-zukunft\/\" >\n\t\t\t\tK\u00fcnstliche vs. menschliche Intelligenz in der Gesundheitsversorgung der Zukunft\t\t\t<\/a>\n\t\t<\/h3>\n\t\t\t\t<div class=\"elementor-post__excerpt\">\n\t\t\t<p>K\u00fcnstliche Intelligenz (KI) findet zunehmend Anwendung in verschiedenen Bereichen des Gesundheitswesens, insbesondere in der Bildgebung, Radiologie, Chirurgie, Pflege und Orthop\u00e4die.<\/p>\n\t\t<\/div>\n\t\t\n\t\t<a class=\"elementor-post__read-more\" href=\"https:\/\/gesundheit-ki.net\/index.php\/kuenstliche-vs-menschliche-intelligenz-in-der-gesundheitsversorgung-der-zukunft\/\" aria-label=\"Mehr \u00fcber K\u00fcnstliche vs. menschliche Intelligenz in der Gesundheitsversorgung der Zukunft\" tabindex=\"-1\" >\n\t\t\tWeiterlesen \u00bb\t\t<\/a>\n\n\t\t\t\t<\/div>\n\t\t\t\t<div class=\"elementor-post__meta-data\">\n\t\t\t\t\t<span class=\"elementor-post-date\">\n\t\t\t28. November 2024\t\t<\/span>\n\t\t\t\t<\/div>\n\t\t\t\t\t<\/div>\n\t\t<\/article>\n\t\t\t\t<\/div>\n\t\t\n\t\t\t\t\t\t<\/div>\n\t\t\t\t<\/div>\n\t\t\t\t<\/div>\n\t\t\t\t\t<\/div>\n\t\t\t\t<\/div>\n\t\t<div class=\"elementor-element elementor-element-3f6e372 e-flex e-con-boxed e-con e-parent\" data-id=\"3f6e372\" data-element_type=\"container\" data-settings=\"{&quot;background_background&quot;:&quot;classic&quot;,&quot;shape_divider_bottom&quot;:&quot;waves&quot;}\">\n\t\t\t\t\t<div class=\"e-con-inner\">\n\t\t\t\t<div class=\"elementor-shape elementor-shape-bottom\" aria-hidden=\"true\" data-negative=\"false\">\n\t\t\t<svg xmlns=\"http:\/\/www.w3.org\/2000\/svg\" viewBox=\"0 0 1000 100\" preserveAspectRatio=\"none\">\n\t<path class=\"elementor-shape-fill\" d=\"M421.9,6.5c22.6-2.5,51.5,0.4,75.5,5.3c23.6,4.9,70.9,23.5,100.5,35.7c75.8,32.2,133.7,44.5,192.6,49.7\n\tc23.6,2.1,48.7,3.5,103.4-2.5c54.7-6,106.2-25.6,106.2-25.6V0H0v30.3c0,0,72,32.6,158.4,30.5c39.2-0.7,92.8-6.7,134-22.4\n\tc21.2-8.1,52.2-18.2,79.7-24.2C399.3,7.9,411.6,7.5,421.9,6.5z\"\/>\n<\/svg>\t\t<\/div>\n\t\t<div class=\"elementor-element elementor-element-bd01c18 e-con-full e-flex e-con e-child\" data-id=\"bd01c18\" data-element_type=\"container\">\n\t\t<div class=\"elementor-element elementor-element-d797e12 e-con-full e-flex elementor-invisible e-con e-child\" data-id=\"d797e12\" data-element_type=\"container\" data-settings=\"{&quot;animation&quot;:&quot;slideInUp&quot;}\">\n\t\t\t\t<div class=\"elementor-element elementor-element-c8184ce elementor-widget elementor-widget-heading\" data-id=\"c8184ce\" data-element_type=\"widget\" data-widget_type=\"heading.default\">\n\t\t\t\t<div class=\"elementor-widget-container\">\n\t\t\t\t\t<h1 class=\"elementor-heading-title elementor-size-default\">Messen<\/h1>\t\t\t\t<\/div>\n\t\t\t\t<\/div>\n\t\t\t\t<\/div>\n\t\t\t\t<div class=\"elementor-element elementor-element-bdfb22a elementor-widget-divider--view-line elementor-invisible elementor-widget elementor-widget-divider\" data-id=\"bdfb22a\" data-element_type=\"widget\" data-settings=\"{&quot;_animation&quot;:&quot;slideInUp&quot;}\" data-widget_type=\"divider.default\">\n\t\t\t\t<div class=\"elementor-widget-container\">\n\t\t\t\t\t\t\t<div class=\"elementor-divider\">\n\t\t\t<span class=\"elementor-divider-separator\">\n\t\t\t\t\t\t<\/span>\n\t\t<\/div>\n\t\t\t\t\t\t<\/div>\n\t\t\t\t<\/div>\n\t\t\t\t<\/div>\n\t\t<div class=\"elementor-element elementor-element-7b52e16 e-con-full e-flex e-con e-child\" data-id=\"7b52e16\" data-element_type=\"container\">\n\t\t\t\t<div class=\"elementor-element elementor-element-811bed4 elementor-grid-3 elementor-grid-tablet-2 elementor-grid-mobile-1 elementor-posts--thumbnail-top elementor-invisible elementor-widget elementor-widget-posts\" data-id=\"811bed4\" data-element_type=\"widget\" data-settings=\"{&quot;_animation&quot;:&quot;slideInUp&quot;,&quot;_animation_delay&quot;:1200,&quot;classic_columns&quot;:&quot;3&quot;,&quot;classic_columns_tablet&quot;:&quot;2&quot;,&quot;classic_columns_mobile&quot;:&quot;1&quot;,&quot;classic_row_gap&quot;:{&quot;unit&quot;:&quot;px&quot;,&quot;size&quot;:35,&quot;sizes&quot;:[]},&quot;classic_row_gap_widescreen&quot;:{&quot;unit&quot;:&quot;px&quot;,&quot;size&quot;:&quot;&quot;,&quot;sizes&quot;:[]},&quot;classic_row_gap_laptop&quot;:{&quot;unit&quot;:&quot;px&quot;,&quot;size&quot;:&quot;&quot;,&quot;sizes&quot;:[]},&quot;classic_row_gap_tablet_extra&quot;:{&quot;unit&quot;:&quot;px&quot;,&quot;size&quot;:&quot;&quot;,&quot;sizes&quot;:[]},&quot;classic_row_gap_tablet&quot;:{&quot;unit&quot;:&quot;px&quot;,&quot;size&quot;:&quot;&quot;,&quot;sizes&quot;:[]},&quot;classic_row_gap_mobile&quot;:{&quot;unit&quot;:&quot;px&quot;,&quot;size&quot;:&quot;&quot;,&quot;sizes&quot;:[]}}\" data-widget_type=\"posts.classic\">\n\t\t\t\t<div class=\"elementor-widget-container\">\n\t\t\t\t\t\t\t<div class=\"elementor-posts-container elementor-posts elementor-posts--skin-classic elementor-grid\">\n\t\t\t\t<article class=\"elementor-post elementor-grid-item post-846 post type-post status-publish format-standard hentry category-messen\">\n\t\t\t\t<div class=\"elementor-post__text\">\n\t\t\t\t<h3 class=\"elementor-post__title\">\n\t\t\t<a href=\"https:\/\/gesundheit-ki.net\/index.php\/dmea-8-10-4-2025\/\" >\n\t\t\t\tDMEA 8.-10.4.2025\t\t\t<\/a>\n\t\t<\/h3>\n\t\t\t\t<div class=\"elementor-post__excerpt\">\n\t\t\t<p>Die DMEA 2025 ist die f\u00fchrende Gesundheitsmesse in Deutschland und der zentrale Treffpunkt aller bedeutenden Hersteller der Branche. Was bewegt die digitale Gesundheitswirtschaft heute und morgen? Diese und viele weitere Fragen werden auf der DMEA 2025 durch ein umfangreiches Programm aus Vortr\u00e4gen, Diskussionen und Workshops beantwortet. Auf insgesamt 6 B\u00fchnen kommen Expertinnen und Experten aus Politik, Wissenschaft und Praxis zusammen, um die Zukunft des Gesundheitswesens zu gestalten.<\/p>\n\t\t<\/div>\n\t\t\t\t<\/div>\n\t\t\t\t<\/article>\n\t\t\t\t<article class=\"elementor-post elementor-grid-item post-843 post type-post status-publish format-standard hentry category-messen\">\n\t\t\t\t<div class=\"elementor-post__text\">\n\t\t\t\t<h3 class=\"elementor-post__title\">\n\t\t\t<a href=\"https:\/\/gesundheit-ki.net\/index.php\/vkad-bundestagung-12-13-3-2025\/\" >\n\t\t\t\tVKAD Bundestagung 12.-13.3.2025\t\t\t<\/a>\n\t\t<\/h3>\n\t\t\t\t<div class=\"elementor-post__excerpt\">\n\t\t\t<p>Die VKAD Bundestagung in Bamberg bot eine hervorragende Gelegenheit, sich \u00fcber die neuesten Entwicklungen und Trends in der Pflege zu informieren. Gemeinsam mit Health.connect e.V. waren wir als Aussteller vor Ort und haben wertvolle Kontakte gekn\u00fcpft. Weitere Informationen zum Innovationspreis und spannenden Projekten finden Sie unter www.vkad.de\/innovationspreis.<\/p>\n\t\t<\/div>\n\t\t\t\t<\/div>\n\t\t\t\t<\/article>\n\t\t\t\t<\/div>\n\t\t\n\t\t\t\t\t\t<\/div>\n\t\t\t\t<\/div>\n\t\t\t\t<\/div>\n\t\t\t\t\t<\/div>\n\t\t\t\t<\/div>\n\t\t\t\t<\/div>\n\t\t","protected":false},"excerpt":{"rendered":"<p>Fachgespr\u00e4che Das Netzwerk organisiert eine interdisziplin\u00e4re Fachgespr\u00e4chsreihe zu Themen der telemedizinischen Versorgung, die einen starken Praxisbezug haben. Ziel der Fachgespr\u00e4che ist es, in einem kreativen Umfeld neue Ideen zu generieren und diese zu konkreten Projekt- und Handlungsans\u00e4tzen weiterzuentwickeln. Die Veranstaltungen bieten Handlungsans\u00e4tzen weiterzuentwickeln. Die Veranstaltungen bieten eine Plattform zur Vernetzung und zur Initiierung von Forschungs- [&hellip;]<\/p>\n","protected":false},"author":1,"featured_media":0,"parent":0,"menu_order":0,"comment_status":"closed","ping_status":"closed","template":"elementor_theme","meta":{"footnotes":""},"class_list":["post-771","page","type-page","status-publish","hentry"],"_links":{"self":[{"href":"https:\/\/gesundheit-ki.net\/index.php\/wp-json\/wp\/v2\/pages\/771","targetHints":{"allow":["GET"]}}],"collection":[{"href":"https:\/\/gesundheit-ki.net\/index.php\/wp-json\/wp\/v2\/pages"}],"about":[{"href":"https:\/\/gesundheit-ki.net\/index.php\/wp-json\/wp\/v2\/types\/page"}],"author":[{"embeddable":true,"href":"https:\/\/gesundheit-ki.net\/index.php\/wp-json\/wp\/v2\/users\/1"}],"replies":[{"embeddable":true,"href":"https:\/\/gesundheit-ki.net\/index.php\/wp-json\/wp\/v2\/comments?post=771"}],"version-history":[{"count":109,"href":"https:\/\/gesundheit-ki.net\/index.php\/wp-json\/wp\/v2\/pages\/771\/revisions"}],"predecessor-version":[{"id":1145,"href":"https:\/\/gesundheit-ki.net\/index.php\/wp-json\/wp\/v2\/pages\/771\/revisions\/1145"}],"wp:attachment":[{"href":"https:\/\/gesundheit-ki.net\/index.php\/wp-json\/wp\/v2\/media?parent=771"}],"curies":[{"name":"wp","href":"https:\/\/api.w.org\/{rel}","templated":true}]}}